{"id":9123,"date":"2025-06-05T08:04:34","date_gmt":"2025-06-05T07:04:34","guid":{"rendered":"https:\/\/festesdecatalunya.com\/que-ferias-y-fiestas-hay-en-cataluna\/"},"modified":"2025-06-19T07:33:48","modified_gmt":"2025-06-19T06:33:48","slug":"que-ferias-y-fiestas-hay-en-cataluna","status":"publish","type":"page","link":"https:\/\/festesdecatalunya.com\/es\/que-ferias-y-fiestas-hay-en-cataluna\/","title":{"rendered":"\u00bfQu\u00e9 Ferias y Fiestas hay en Catalu\u00f1a?"},"content":{"rendered":"<p><div class=\"fusion-fullwidth fullwidth-box fusion-builder-row-1 fusion-flex-container has-pattern-background has-mask-background nonhundred-percent-fullwidth non-hundred-percent-height-scrolling\" style=\"--awb-border-radius-top-left:0px;--awb-border-radius-top-right:0px;--awb-border-radius-bottom-right:0px;--awb-border-radius-bottom-left:0px;--awb-background-color:var(--awb-color2);--awb-flex-wrap:wrap;\" ><div class=\"fusion-builder-row fusion-row fusion-flex-align-items-flex-start fusion-flex-content-wrap\" style=\"max-width:1248px;margin-left: calc(-4% \/ 2 );margin-right: calc(-4% \/ 2 );\"><div class=\"fusion-layout-column fusion_builder_column fusion-builder-column-0 fusion_builder_column_1_1 1_1 fusion-flex-column fusion-flex-align-self-center\" style=\"--awb-bg-size:cover;--awb-width-large:100%;--awb-margin-top-large:14px;--awb-spacing-right-large:1.92%;--awb-margin-bottom-large:75px;--awb-spacing-left-large:1.92%;--awb-width-medium:100%;--awb-order-medium:0;--awb-spacing-right-medium:1.92%;--awb-spacing-left-medium:1.92%;--awb-width-small:100%;--awb-order-small:0;--awb-spacing-right-small:1.92%;--awb-spacing-left-small:1.92%;\" data-scroll-devices=\"small-visibility,medium-visibility,large-visibility\"><div class=\"fusion-column-wrapper fusion-column-has-shadow fusion-flex-justify-content-flex-start fusion-content-layout-column\"><div class=\"fusion-image-element fusion-no-small-visibility fusion-no-medium-visibility\" style=\"text-align:center;--awb-caption-title-font-family:var(--h2_typography-font-family);--awb-caption-title-font-weight:var(--h2_typography-font-weight);--awb-caption-title-font-style:var(--h2_typography-font-style);--awb-caption-title-size:var(--h2_typography-font-size);--awb-caption-title-transform:var(--h2_typography-text-transform);--awb-caption-title-line-height:var(--h2_typography-line-height);--awb-caption-title-letter-spacing:var(--h2_typography-letter-spacing);\"><span class=\" fusion-imageframe imageframe-none imageframe-1 hover-type-none\" style=\"border-radius:12px;\"><img decoding=\"async\" width=\"1030\" height=\"412\" title=\"ANUNCI-HORITZ-2X5\" src=\"https:\/\/festesdecatalunya.com\/wp-content\/uploads\/2025\/06\/ANUNCI-HORITZ-2X5.png\" data-orig-src=\"https:\/\/festesdecatalunya.com\/wp-content\/uploads\/2025\/06\/ANUNCI-HORITZ-2X5.png\" alt class=\"lazyload img-responsive wp-image-9082\" srcset=\"data:image\/svg+xml,%3Csvg%20xmlns%3D%27http%3A%2F%2Fwww.w3.org%2F2000%2Fsvg%27%20width%3D%271030%27%20height%3D%27412%27%20viewBox%3D%270%200%201030%20412%27%3E%3Crect%20width%3D%271030%27%20height%3D%27412%27%20fill-opacity%3D%220%22%2F%3E%3C%2Fsvg%3E\" data-srcset=\"https:\/\/festesdecatalunya.com\/wp-content\/uploads\/2025\/06\/ANUNCI-HORITZ-2X5-200x80.png 200w, https:\/\/festesdecatalunya.com\/wp-content\/uploads\/2025\/06\/ANUNCI-HORITZ-2X5-400x160.png 400w, https:\/\/festesdecatalunya.com\/wp-content\/uploads\/2025\/06\/ANUNCI-HORITZ-2X5-600x240.png 600w, https:\/\/festesdecatalunya.com\/wp-content\/uploads\/2025\/06\/ANUNCI-HORITZ-2X5-800x320.png 800w\" data-sizes=\"auto\" data-orig-sizes=\"(max-width: 640px) 100vw, 1030px\" \/><\/span><\/div><div class=\"fusion-image-element fusion-no-large-visibility\" style=\"text-align:center;--awb-caption-title-font-family:var(--h2_typography-font-family);--awb-caption-title-font-weight:var(--h2_typography-font-weight);--awb-caption-title-font-style:var(--h2_typography-font-style);--awb-caption-title-size:var(--h2_typography-font-size);--awb-caption-title-transform:var(--h2_typography-text-transform);--awb-caption-title-line-height:var(--h2_typography-line-height);--awb-caption-title-letter-spacing:var(--h2_typography-letter-spacing);\"><span class=\" fusion-imageframe imageframe-none imageframe-2 hover-type-none\" style=\"border-radius:12px;\"><img decoding=\"async\" width=\"412\" height=\"618\" title=\"ANUNCI-VERT-3X2\" src=\"https:\/\/festesdecatalunya.com\/wp-content\/uploads\/2025\/06\/ANUNCI-VERT-3X2-1.png\" data-orig-src=\"https:\/\/festesdecatalunya.com\/wp-content\/uploads\/2025\/06\/ANUNCI-VERT-3X2-1.png\" alt class=\"lazyload img-responsive wp-image-9083\" srcset=\"data:image\/svg+xml,%3Csvg%20xmlns%3D%27http%3A%2F%2Fwww.w3.org%2F2000%2Fsvg%27%20width%3D%27412%27%20height%3D%27618%27%20viewBox%3D%270%200%20412%20618%27%3E%3Crect%20width%3D%27412%27%20height%3D%27618%27%20fill-opacity%3D%220%22%2F%3E%3C%2Fsvg%3E\" data-srcset=\"https:\/\/festesdecatalunya.com\/wp-content\/uploads\/2025\/06\/ANUNCI-VERT-3X2-1-200x300.png 200w, https:\/\/festesdecatalunya.com\/wp-content\/uploads\/2025\/06\/ANUNCI-VERT-3X2-1-400x600.png 400w, https:\/\/festesdecatalunya.com\/wp-content\/uploads\/2025\/06\/ANUNCI-VERT-3X2-1.png 412w\" data-sizes=\"auto\" data-orig-sizes=\"(max-width: 640px) 100vw, 412px\" \/><\/span><\/div><\/div><\/div><\/div><\/div><div class=\"fusion-fullwidth fullwidth-box fusion-builder-row-2 fusion-flex-container has-pattern-background has-mask-background nonhundred-percent-fullwidth non-hundred-percent-height-scrolling\" style=\"--awb-border-radius-top-left:0px;--awb-border-radius-top-right:0px;--awb-border-radius-bottom-right:0px;--awb-border-radius-bottom-left:0px;--awb-background-color:var(--awb-color2);--awb-flex-wrap:wrap;\" ><div class=\"fusion-builder-row fusion-row fusion-flex-align-items-flex-start fusion-flex-content-wrap\" style=\"max-width:1212px;margin-left: calc(-1% \/ 2 );margin-right: calc(-1% \/ 2 );\"><div class=\"fusion-layout-column fusion_builder_column fusion-builder-column-1 awb-sticky awb-sticky-small awb-sticky-medium awb-sticky-large fusion_builder_column_1_5 1_5 fusion-flex-column\" style=\"--awb-padding-top:5%;--awb-padding-right:2%;--awb-padding-bottom:2%;--awb-padding-left:2%;--awb-overflow:hidden;--awb-bg-color:var(--awb-color1);--awb-bg-color-hover:var(--awb-color1);--awb-bg-size:cover;--awb-border-radius:20px 20px 20px 20px;--awb-width-large:20%;--awb-margin-top-large:16px;--awb-spacing-right-large:2.475%;--awb-margin-bottom-large:16px;--awb-spacing-left-large:2.475%;--awb-width-medium:20%;--awb-order-medium:0;--awb-spacing-right-medium:2.475%;--awb-spacing-left-medium:2.475%;--awb-width-small:100%;--awb-order-small:2;--awb-spacing-right-small:0.495%;--awb-spacing-left-small:0.495%;\"><div class=\"fusion-column-wrapper fusion-column-has-shadow fusion-flex-justify-content-flex-start fusion-content-layout-column\"><div class=\"fusion-image-element \" style=\"--awb-margin-bottom:16px;--awb-caption-title-font-family:var(--h2_typography-font-family);--awb-caption-title-font-weight:var(--h2_typography-font-weight);--awb-caption-title-font-style:var(--h2_typography-font-style);--awb-caption-title-size:var(--h2_typography-font-size);--awb-caption-title-transform:var(--h2_typography-text-transform);--awb-caption-title-line-height:var(--h2_typography-line-height);--awb-caption-title-letter-spacing:var(--h2_typography-letter-spacing);\"><span class=\" fusion-imageframe imageframe-none imageframe-3 hover-type-none\" style=\"border-radius:12px;\"><img decoding=\"async\" width=\"256\" height=\"46\" title=\"cercar-sidebar\" src=\"https:\/\/festesdecatalunya.com\/wp-content\/uploads\/2025\/06\/cercar-sidebar.png\" data-orig-src=\"https:\/\/festesdecatalunya.com\/wp-content\/uploads\/2025\/06\/cercar-sidebar.png\" alt class=\"lazyload img-responsive wp-image-9071\" srcset=\"data:image\/svg+xml,%3Csvg%20xmlns%3D%27http%3A%2F%2Fwww.w3.org%2F2000%2Fsvg%27%20width%3D%27256%27%20height%3D%2746%27%20viewBox%3D%270%200%20256%2046%27%3E%3Crect%20width%3D%27256%27%20height%3D%2746%27%20fill-opacity%3D%220%22%2F%3E%3C%2Fsvg%3E\" data-srcset=\"https:\/\/festesdecatalunya.com\/wp-content\/uploads\/2025\/06\/cercar-sidebar-200x36.png 200w, https:\/\/festesdecatalunya.com\/wp-content\/uploads\/2025\/06\/cercar-sidebar.png 256w\" data-sizes=\"auto\" data-orig-sizes=\"(max-width: 640px) 100vw, 256px\" \/><\/span><\/div><div ><a class=\"fusion-button button-flat fusion-button-default-size button-default fusion-button-default button-1 fusion-button-default-span fusion-button-default-type\" style=\"--button_padding-bottom:16px;--button_margin-bottom:16px;\" target=\"_self\"><span class=\"fusion-button-text awb-button__text awb-button__text--default\">Calendario de ferias en catalunya<\/span><\/a><\/div><div class=\"fusion-image-element \" style=\"--awb-margin-bottom:16px;--awb-caption-title-font-family:var(--h2_typography-font-family);--awb-caption-title-font-weight:var(--h2_typography-font-weight);--awb-caption-title-font-style:var(--h2_typography-font-style);--awb-caption-title-size:var(--h2_typography-font-size);--awb-caption-title-transform:var(--h2_typography-text-transform);--awb-caption-title-line-height:var(--h2_typography-line-height);--awb-caption-title-letter-spacing:var(--h2_typography-letter-spacing);\"><span class=\" fusion-imageframe imageframe-none imageframe-4 hover-type-none\" style=\"border-radius:12px;\"><img decoding=\"async\" width=\"412\" height=\"618\" title=\"ANUNCI-VERT-3X2\" src=\"https:\/\/festesdecatalunya.com\/wp-content\/uploads\/2025\/06\/ANUNCI-VERT-3X2.png\" data-orig-src=\"https:\/\/festesdecatalunya.com\/wp-content\/uploads\/2025\/06\/ANUNCI-VERT-3X2.png\" alt class=\"lazyload img-responsive wp-image-9081\" srcset=\"data:image\/svg+xml,%3Csvg%20xmlns%3D%27http%3A%2F%2Fwww.w3.org%2F2000%2Fsvg%27%20width%3D%27412%27%20height%3D%27618%27%20viewBox%3D%270%200%20412%20618%27%3E%3Crect%20width%3D%27412%27%20height%3D%27618%27%20fill-opacity%3D%220%22%2F%3E%3C%2Fsvg%3E\" data-srcset=\"https:\/\/festesdecatalunya.com\/wp-content\/uploads\/2025\/06\/ANUNCI-VERT-3X2-200x300.png 200w, https:\/\/festesdecatalunya.com\/wp-content\/uploads\/2025\/06\/ANUNCI-VERT-3X2-400x600.png 400w\" data-sizes=\"auto\" data-orig-sizes=\"(max-width: 640px) 100vw, 400px\" \/><\/span><\/div><div class=\"fusion-image-element \" style=\"--awb-margin-bottom:16px;--awb-caption-title-font-family:var(--h2_typography-font-family);--awb-caption-title-font-weight:var(--h2_typography-font-weight);--awb-caption-title-font-style:var(--h2_typography-font-style);--awb-caption-title-size:var(--h2_typography-font-size);--awb-caption-title-transform:var(--h2_typography-text-transform);--awb-caption-title-line-height:var(--h2_typography-line-height);--awb-caption-title-letter-spacing:var(--h2_typography-letter-spacing);\"><span class=\" fusion-imageframe imageframe-none imageframe-5 hover-type-none\" style=\"border-radius:12px;\"><img decoding=\"async\" width=\"412\" height=\"618\" title=\"ANUNCI-VERT-3X2\" src=\"https:\/\/festesdecatalunya.com\/wp-content\/uploads\/2025\/06\/ANUNCI-VERT-3X2.png\" data-orig-src=\"https:\/\/festesdecatalunya.com\/wp-content\/uploads\/2025\/06\/ANUNCI-VERT-3X2.png\" alt class=\"lazyload img-responsive wp-image-9081\" srcset=\"data:image\/svg+xml,%3Csvg%20xmlns%3D%27http%3A%2F%2Fwww.w3.org%2F2000%2Fsvg%27%20width%3D%27412%27%20height%3D%27618%27%20viewBox%3D%270%200%20412%20618%27%3E%3Crect%20width%3D%27412%27%20height%3D%27618%27%20fill-opacity%3D%220%22%2F%3E%3C%2Fsvg%3E\" data-srcset=\"https:\/\/festesdecatalunya.com\/wp-content\/uploads\/2025\/06\/ANUNCI-VERT-3X2-200x300.png 200w, https:\/\/festesdecatalunya.com\/wp-content\/uploads\/2025\/06\/ANUNCI-VERT-3X2-400x600.png 400w\" data-sizes=\"auto\" data-orig-sizes=\"(max-width: 640px) 100vw, 400px\" \/><\/span><\/div><div class=\"fusion-image-element \" style=\"--awb-margin-bottom:16px;--awb-caption-title-font-family:var(--h2_typography-font-family);--awb-caption-title-font-weight:var(--h2_typography-font-weight);--awb-caption-title-font-style:var(--h2_typography-font-style);--awb-caption-title-size:var(--h2_typography-font-size);--awb-caption-title-transform:var(--h2_typography-text-transform);--awb-caption-title-line-height:var(--h2_typography-line-height);--awb-caption-title-letter-spacing:var(--h2_typography-letter-spacing);\"><span class=\" fusion-imageframe imageframe-none imageframe-6 hover-type-none\" style=\"border-radius:12px;\"><img decoding=\"async\" width=\"412\" height=\"618\" title=\"ANUNCI-VERT-3X2\" src=\"https:\/\/festesdecatalunya.com\/wp-content\/uploads\/2025\/06\/ANUNCI-VERT-3X2.png\" data-orig-src=\"https:\/\/festesdecatalunya.com\/wp-content\/uploads\/2025\/06\/ANUNCI-VERT-3X2.png\" alt class=\"lazyload img-responsive wp-image-9081\" srcset=\"data:image\/svg+xml,%3Csvg%20xmlns%3D%27http%3A%2F%2Fwww.w3.org%2F2000%2Fsvg%27%20width%3D%27412%27%20height%3D%27618%27%20viewBox%3D%270%200%20412%20618%27%3E%3Crect%20width%3D%27412%27%20height%3D%27618%27%20fill-opacity%3D%220%22%2F%3E%3C%2Fsvg%3E\" data-srcset=\"https:\/\/festesdecatalunya.com\/wp-content\/uploads\/2025\/06\/ANUNCI-VERT-3X2-200x300.png 200w, https:\/\/festesdecatalunya.com\/wp-content\/uploads\/2025\/06\/ANUNCI-VERT-3X2-400x600.png 400w\" data-sizes=\"auto\" data-orig-sizes=\"(max-width: 640px) 100vw, 400px\" \/><\/span><\/div><\/div><\/div><div class=\"fusion-layout-column fusion_builder_column fusion-builder-column-2 fusion_builder_column_4_5 4_5 fusion-flex-column\" style=\"--awb-bg-size:cover;--awb-width-large:80%;--awb-margin-top-large:16px;--awb-spacing-right-large:0.61875%;--awb-margin-bottom-large:16px;--awb-spacing-left-large:0.61875%;--awb-width-medium:80%;--awb-order-medium:0;--awb-spacing-right-medium:0.61875%;--awb-spacing-left-medium:0.61875%;--awb-width-small:100%;--awb-order-small:0;--awb-spacing-right-small:0.495%;--awb-spacing-left-small:0.495%;\"><div class=\"fusion-column-wrapper fusion-column-has-shadow fusion-flex-justify-content-flex-start fusion-content-layout-column\"><div class=\"fusion-tabs fusion-tabs-1 clean nav-is-justified horizontal-tabs icon-position-left mobile-mode-accordion\" style=\"--awb-title-border-radius-top-left:0px;--awb-title-border-radius-top-right:0px;--awb-title-border-radius-bottom-right:0px;--awb-title-border-radius-bottom-left:0px;--awb-alignment:start;--awb-inactive-color:var(--awb-color2);--awb-background-color:var(--awb-color1);--awb-border-color:var(--awb-color3);--awb-active-border-color:var(--awb-color4);\"><div class=\"nav\"><ul class=\"nav-tabs nav-justified\" role=\"tablist\"><li class=\"active\" role=\"presentation\"><a class=\"tab-link\" data-toggle=\"tab\" role=\"tab\" aria-controls=\"tab-2e625101751d5fcb415\" aria-selected=\"true\" id=\"fusion-tab-ene\" href=\"#tab-2e625101751d5fcb415\"><h4 class=\"fusion-tab-heading\">Ene<\/h4><\/a><\/li><li role=\"presentation\"><a class=\"tab-link\" data-toggle=\"tab\" role=\"tab\" aria-controls=\"tab-c48986b04329b33d94e\" aria-selected=\"false\" tabindex=\"-1\" id=\"fusion-tab-feb\" href=\"#tab-c48986b04329b33d94e\"><h4 class=\"fusion-tab-heading\">Feb<\/h4><\/a><\/li><li role=\"presentation\"><a class=\"tab-link\" data-toggle=\"tab\" role=\"tab\" aria-controls=\"tab-35caf3c98d2dd839e03\" aria-selected=\"false\" tabindex=\"-1\" id=\"fusion-tab-mar\" href=\"#tab-35caf3c98d2dd839e03\"><h4 class=\"fusion-tab-heading\">Mar<\/h4><\/a><\/li><li role=\"presentation\"><a class=\"tab-link\" data-toggle=\"tab\" role=\"tab\" aria-controls=\"tab-29317d034b0215905f9\" aria-selected=\"false\" tabindex=\"-1\" id=\"fusion-tab-abr\" href=\"#tab-29317d034b0215905f9\"><h4 class=\"fusion-tab-heading\">Abr<\/h4><\/a><\/li><li role=\"presentation\"><a class=\"tab-link\" data-toggle=\"tab\" role=\"tab\" aria-controls=\"tab-bc24664962d58bf372e\" aria-selected=\"false\" tabindex=\"-1\" id=\"fusion-tab-may\" href=\"#tab-bc24664962d58bf372e\"><h4 class=\"fusion-tab-heading\">May<\/h4><\/a><\/li><li role=\"presentation\"><a class=\"tab-link\" data-toggle=\"tab\" role=\"tab\" aria-controls=\"tab-43e003c71bef1035576\" aria-selected=\"false\" tabindex=\"-1\" id=\"fusion-tab-jun\" href=\"#tab-43e003c71bef1035576\"><h4 class=\"fusion-tab-heading\">Jun<\/h4><\/a><\/li><li role=\"presentation\"><a class=\"tab-link\" data-toggle=\"tab\" role=\"tab\" aria-controls=\"tab-24dc8103c3627ac2d37\" aria-selected=\"false\" tabindex=\"-1\" id=\"fusion-tab-jul\" href=\"#tab-24dc8103c3627ac2d37\"><h4 class=\"fusion-tab-heading\">Jul<\/h4><\/a><\/li><li role=\"presentation\"><a class=\"tab-link\" data-toggle=\"tab\" role=\"tab\" aria-controls=\"tab-8997ea68130f5e9d567\" aria-selected=\"false\" tabindex=\"-1\" id=\"fusion-tab-ago\" href=\"#tab-8997ea68130f5e9d567\"><h4 class=\"fusion-tab-heading\">Ago<\/h4><\/a><\/li><li role=\"presentation\"><a class=\"tab-link\" data-toggle=\"tab\" role=\"tab\" aria-controls=\"tab-e97c04dc7387b659773\" aria-selected=\"false\" tabindex=\"-1\" id=\"fusion-tab-sep\" href=\"#tab-e97c04dc7387b659773\"><h4 class=\"fusion-tab-heading\">Sep<\/h4><\/a><\/li><li role=\"presentation\"><a class=\"tab-link\" data-toggle=\"tab\" role=\"tab\" aria-controls=\"tab-0978b0fc381679e2641\" aria-selected=\"false\" tabindex=\"-1\" id=\"fusion-tab-oct\" href=\"#tab-0978b0fc381679e2641\"><h4 class=\"fusion-tab-heading\">Oct<\/h4><\/a><\/li><li role=\"presentation\"><a class=\"tab-link\" data-toggle=\"tab\" role=\"tab\" aria-controls=\"tab-91c0d7e6f42f5cb489e\" aria-selected=\"false\" tabindex=\"-1\" id=\"fusion-tab-nov\" href=\"#tab-91c0d7e6f42f5cb489e\"><h4 class=\"fusion-tab-heading\">Nov<\/h4><\/a><\/li><li role=\"presentation\"><a class=\"tab-link\" data-toggle=\"tab\" role=\"tab\" aria-controls=\"tab-1808ca40a069c51b48c\" aria-selected=\"false\" tabindex=\"-1\" id=\"fusion-tab-dic\" href=\"#tab-1808ca40a069c51b48c\"><h4 class=\"fusion-tab-heading\">Dic<\/h4><\/a><\/li><\/ul><\/div><div class=\"tab-content\"><div class=\"nav fusion-mobile-tab-nav\"><ul class=\"nav-tabs nav-justified\" role=\"tablist\"><li class=\"active\" role=\"presentation\"><a class=\"tab-link\" data-toggle=\"tab\" role=\"tab\" aria-controls=\"tab-2e625101751d5fcb415\" aria-selected=\"true\" id=\"mobile-fusion-tab-ene\" href=\"#tab-2e625101751d5fcb415\"><h4 class=\"fusion-tab-heading\">Ene<\/h4><\/a><\/li><\/ul><\/div><div class=\"tab-pane fade fusion-clearfix in active\" role=\"tabpanel\" tabindex=\"0\" aria-labelledby=\"fusion-tab-ene\" id=\"tab-2e625101751d5fcb415\"><div class=\"fusion-post-cards fusion-post-cards-1 fusion-grid-archive fusion-grid-columns-4\" style=\"--awb-column-spacing:3px;--awb-dots-align:center;--awb-active-filter-border-size:3px;--awb-filters-height:36px;--awb-row-spacing:20px;\"><ul class=\"fusion-grid fusion-grid-4 fusion-flex-align-items-stretch fusion-grid-posts-cards fusion-grid-container-infinite\" data-pages=\"0\"><li class=\"fusion-layout-column fusion_builder_column fusion-builder-column-3 fusion-flex-column fusion-column-inner-bg-wrapper post-card fusion-grid-column fusion-post-cards-grid-column\" style=\"--awb-overflow:hidden;--awb-inner-bg-color:var(--awb-color1);--awb-inner-bg-color-hover:var(--awb-color1);--awb-inner-bg-size:cover;--awb-box-shadow:0px 1px 2px hsla(var(--awb-color8-h),var(--awb-color8-s),var(--awb-color8-l),calc(var(--awb-color8-a) - 82%));;--awb-border-radius:12px 12px 12px 12px;--awb-inner-bg-border-radius:12px 12px 12px 12px;--awb-inner-bg-overflow:hidden;\"><span class=\"fusion-column-inner-bg hover-type-none\"><a class=\"fusion-column-anchor\" href=\"https:\/\/festesdecatalunya.com\/es\/primavera-en-familia-en-olot\/\"><span class=\"fusion-column-inner-bg-image\"><\/span><\/a><\/span><div class=\"fusion-column-wrapper fusion-column-has-shadow fusion-flex-justify-content-flex-start fusion-content-layout-column\"><div class=\"fusion-image-element in-legacy-container\" style=\"--awb-aspect-ratio: 100 \/ 112;--awb-caption-title-font-family:var(--h2_typography-font-family);--awb-caption-title-font-weight:var(--h2_typography-font-weight);--awb-caption-title-font-style:var(--h2_typography-font-style);--awb-caption-title-size:var(--h2_typography-font-size);--awb-caption-title-transform:var(--h2_typography-text-transform);--awb-caption-title-line-height:var(--h2_typography-line-height);--awb-caption-title-letter-spacing:var(--h2_typography-letter-spacing);\"><span class=\" fusion-imageframe imageframe-none imageframe-7 hover-type-none has-aspect-ratio\" style=\"border-radius:12px;\"><img decoding=\"async\" width=\"630\" height=\"156\" alt=\"Agenda de fires i festes per a gaudir en fam\u00edlia.\" title=\"110630_cat_ESCALA_INF_630_156\" src=\"https:\/\/festesdecatalunya.com\/wp-content\/uploads\/2023\/10\/110630_cat_ESCALA_INF_630_156.png\" data-orig-src=\"https:\/\/festesdecatalunya.com\/wp-content\/uploads\/2023\/10\/110630_cat_ESCALA_INF_630_156.png\" class=\"lazyload img-responsive wp-image-9098 img-with-aspect-ratio\" data-parent-fit=\"cover\" data-parent-container=\".fusion-image-element\" srcset=\"data:image\/svg+xml,%3Csvg%20xmlns%3D%27http%3A%2F%2Fwww.w3.org%2F2000%2Fsvg%27%20width%3D%27630%27%20height%3D%27156%27%20viewBox%3D%270%200%20630%20156%27%3E%3Crect%20width%3D%27630%27%20height%3D%27156%27%20fill-opacity%3D%220%22%2F%3E%3C%2Fsvg%3E\" data-srcset=\"https:\/\/festesdecatalunya.com\/wp-content\/uploads\/2023\/10\/110630_cat_ESCALA_INF_630_156-200x50.png 200w, https:\/\/festesdecatalunya.com\/wp-content\/uploads\/2023\/10\/110630_cat_ESCALA_INF_630_156-400x99.png 400w, https:\/\/festesdecatalunya.com\/wp-content\/uploads\/2023\/10\/110630_cat_ESCALA_INF_630_156-600x149.png 600w, https:\/\/festesdecatalunya.com\/wp-content\/uploads\/2023\/10\/110630_cat_ESCALA_INF_630_156.png 630w\" data-sizes=\"auto\" data-orig-sizes=\"(max-width: 640px) 100vw, 630px\" \/><\/span><\/div><div class=\"fusion-builder-row fusion-builder-row-inner fusion-row fusion-flex-align-items-flex-start fusion-flex-content-wrap\" style=\"width:101% !important;max-width:101% !important;margin-left: calc(-1% \/ 2 );margin-right: calc(-1% \/ 2 );\"><div class=\"fusion-layout-column fusion_builder_column_inner fusion-builder-nested-column-0 fusion_builder_column_inner_1_1 1_1 fusion-flex-column\" style=\"--awb-padding-top:12px;--awb-padding-right:12px;--awb-padding-bottom:6px;--awb-padding-left:12px;--awb-bg-size:cover;--awb-width-large:100%;--awb-margin-top-large:0px;--awb-spacing-right-large:0.495%;--awb-margin-bottom-large:0px;--awb-spacing-left-large:0.495%;--awb-width-medium:100%;--awb-order-medium:0;--awb-spacing-right-medium:0.495%;--awb-spacing-left-medium:0.495%;--awb-width-small:100%;--awb-order-small:0;--awb-spacing-right-small:0.495%;--awb-spacing-left-small:0.495%;\"><div class=\"fusion-column-wrapper fusion-column-has-shadow fusion-flex-justify-content-flex-start fusion-content-layout-column\"><div class=\"fusion-meta-tb fusion-meta-tb-1 floated\" style=\"--awb-height:36px;--awb-alignment-medium:flex-start;--awb-alignment-small:flex-start;\"><\/div><div class=\"fusion-title title fusion-title-1 fusion-sep-none fusion-title-text fusion-title-size-two\" style=\"--awb-margin-top:4px;--awb-margin-bottom:24px;--awb-margin-top-small:4px;--awb-margin-bottom-small:16px;--awb-font-size:19px;\"><h2 class=\"fusion-title-heading title-heading-left fusion-responsive-typography-calculated\" style=\"font-family:var(--awb-custom_typography_4-font-family);font-weight:var(--awb-custom_typography_4-font-weight);font-style:var(--awb-custom_typography_4-font-style);margin:0;font-size:1em;letter-spacing:var(--awb-typography5-letter-spacing);text-transform:var(--awb-typography5-text-transform);--fontSize:19;line-height:1.2;\">Primavera en fam\u00edlia en Olot<\/h2><\/div><\/div><\/div><\/div><div class=\"fusion-text fusion-text-1\" style=\"--awb-font-size:15px;--awb-text-transform:uppercase;--awb-text-color:var(--awb-color8);--awb-margin-right:2%;--awb-margin-left:2%;--awb-text-font-family:&quot;Raleway&quot;;--awb-text-font-style:normal;--awb-text-font-weight:800;\"><p>octubre 16, 2023<\/p>\n<\/div><\/div><\/li>\n<li class=\"fusion-layout-column fusion_builder_column fusion-builder-column-4 fusion-flex-column fusion-column-inner-bg-wrapper post-card fusion-grid-column fusion-post-cards-grid-column\" style=\"--awb-overflow:hidden;--awb-inner-bg-color:var(--awb-color1);--awb-inner-bg-color-hover:var(--awb-color1);--awb-inner-bg-size:cover;--awb-box-shadow:0px 1px 2px hsla(var(--awb-color8-h),var(--awb-color8-s),var(--awb-color8-l),calc(var(--awb-color8-a) - 82%));;--awb-border-radius:12px 12px 12px 12px;--awb-inner-bg-border-radius:12px 12px 12px 12px;--awb-inner-bg-overflow:hidden;\"><span class=\"fusion-column-inner-bg hover-type-none\"><a class=\"fusion-column-anchor\" href=\"https:\/\/festesdecatalunya.com\/es\/exposicio-invertebrats-devarist-valles-junyent-a-macanet-de-cabrenys\/\"><span class=\"fusion-column-inner-bg-image\"><\/span><\/a><\/span><div class=\"fusion-column-wrapper fusion-column-has-shadow fusion-flex-justify-content-flex-start fusion-content-layout-column\"><div class=\"fusion-image-element \" style=\"--awb-aspect-ratio: 100 \/ 112;--awb-caption-title-font-family:var(--h2_typography-font-family);--awb-caption-title-font-weight:var(--h2_typography-font-weight);--awb-caption-title-font-style:var(--h2_typography-font-style);--awb-caption-title-size:var(--h2_typography-font-size);--awb-caption-title-transform:var(--h2_typography-text-transform);--awb-caption-title-line-height:var(--h2_typography-line-height);--awb-caption-title-letter-spacing:var(--h2_typography-letter-spacing);\"><span class=\" fusion-imageframe imageframe-none imageframe-8 hover-type-none has-aspect-ratio\" style=\"border-radius:12px;\"><img decoding=\"async\" width=\"630\" height=\"890\" alt=\"Cultura en viu a Catalunya.\" title=\"111924_cat_ESCALA_INF_630_890\" src=\"https:\/\/festesdecatalunya.com\/wp-content\/uploads\/2023\/10\/111924_cat_ESCALA_INF_630_890.png\" data-orig-src=\"https:\/\/festesdecatalunya.com\/wp-content\/uploads\/2023\/10\/111924_cat_ESCALA_INF_630_890.png\" class=\"lazyload img-responsive wp-image-9102 img-with-aspect-ratio\" data-parent-fit=\"cover\" data-parent-container=\".fusion-image-element\" srcset=\"data:image\/svg+xml,%3Csvg%20xmlns%3D%27http%3A%2F%2Fwww.w3.org%2F2000%2Fsvg%27%20width%3D%27630%27%20height%3D%27890%27%20viewBox%3D%270%200%20630%20890%27%3E%3Crect%20width%3D%27630%27%20height%3D%27890%27%20fill-opacity%3D%220%22%2F%3E%3C%2Fsvg%3E\" data-srcset=\"https:\/\/festesdecatalunya.com\/wp-content\/uploads\/2023\/10\/111924_cat_ESCALA_INF_630_890-200x283.png 200w, https:\/\/festesdecatalunya.com\/wp-content\/uploads\/2023\/10\/111924_cat_ESCALA_INF_630_890-400x565.png 400w, https:\/\/festesdecatalunya.com\/wp-content\/uploads\/2023\/10\/111924_cat_ESCALA_INF_630_890-600x848.png 600w, https:\/\/festesdecatalunya.com\/wp-content\/uploads\/2023\/10\/111924_cat_ESCALA_INF_630_890.png 630w\" data-sizes=\"auto\" data-orig-sizes=\"(max-width: 640px) 100vw, 630px\" \/><\/span><\/div><div class=\"fusion-builder-row fusion-builder-row-inner fusion-row fusion-flex-align-items-flex-start fusion-flex-content-wrap\" style=\"width:101% !important;max-width:101% !important;margin-left: calc(-1% \/ 2 );margin-right: calc(-1% \/ 2 );\"><div class=\"fusion-layout-column fusion_builder_column_inner fusion-builder-nested-column-1 fusion_builder_column_inner_1_1 1_1 fusion-flex-column\" style=\"--awb-padding-top:12px;--awb-padding-right:12px;--awb-padding-bottom:6px;--awb-padding-left:12px;--awb-bg-size:cover;--awb-width-large:100%;--awb-margin-top-large:0px;--awb-spacing-right-large:0.495%;--awb-margin-bottom-large:0px;--awb-spacing-left-large:0.495%;--awb-width-medium:100%;--awb-order-medium:0;--awb-spacing-right-medium:0.495%;--awb-spacing-left-medium:0.495%;--awb-width-small:100%;--awb-order-small:0;--awb-spacing-right-small:0.495%;--awb-spacing-left-small:0.495%;\"><div class=\"fusion-column-wrapper fusion-column-has-shadow fusion-flex-justify-content-flex-start fusion-content-layout-column\"><div class=\"fusion-meta-tb fusion-meta-tb-2 floated\" style=\"--awb-height:36px;--awb-alignment-medium:flex-start;--awb-alignment-small:flex-start;\"><\/div><div class=\"fusion-title title fusion-title-2 fusion-sep-none fusion-title-text fusion-title-size-two\" style=\"--awb-margin-top:4px;--awb-margin-bottom:24px;--awb-margin-top-small:4px;--awb-margin-bottom-small:16px;--awb-font-size:19px;\"><h2 class=\"fusion-title-heading title-heading-left fusion-responsive-typography-calculated\" style=\"font-family:var(--awb-custom_typography_4-font-family);font-weight:var(--awb-custom_typography_4-font-weight);font-style:var(--awb-custom_typography_4-font-style);margin:0;font-size:1em;letter-spacing:var(--awb-typography5-letter-spacing);text-transform:var(--awb-typography5-text-transform);--fontSize:19;line-height:1.2;\">Exposici\u00f3 Invertebrats d&#8217;Evarist Vall\u00e8s Junyent a Ma\u00e7anet de Cabrenys<\/h2><\/div><\/div><\/div><\/div><div class=\"fusion-text fusion-text-2\" style=\"--awb-font-size:15px;--awb-text-transform:uppercase;--awb-text-color:var(--awb-color8);--awb-margin-right:2%;--awb-margin-left:2%;--awb-text-font-family:&quot;Raleway&quot;;--awb-text-font-style:normal;--awb-text-font-weight:800;\"><p>octubre 16, 2023<\/p>\n<\/div><\/div><\/li>\n<li class=\"fusion-layout-column fusion_builder_column fusion-builder-column-5 fusion-flex-column fusion-column-inner-bg-wrapper post-card fusion-grid-column fusion-post-cards-grid-column\" style=\"--awb-overflow:hidden;--awb-inner-bg-color:var(--awb-color1);--awb-inner-bg-color-hover:var(--awb-color1);--awb-inner-bg-size:cover;--awb-box-shadow:0px 1px 2px hsla(var(--awb-color8-h),var(--awb-color8-s),var(--awb-color8-l),calc(var(--awb-color8-a) - 82%));;--awb-border-radius:12px 12px 12px 12px;--awb-inner-bg-border-radius:12px 12px 12px 12px;--awb-inner-bg-overflow:hidden;\"><span class=\"fusion-column-inner-bg hover-type-none\"><a class=\"fusion-column-anchor\" href=\"https:\/\/festesdecatalunya.com\/es\/lestiu-es-viu-a-bescano\/\"><span class=\"fusion-column-inner-bg-image\"><\/span><\/a><\/span><div class=\"fusion-column-wrapper fusion-column-has-shadow fusion-flex-justify-content-flex-start fusion-content-layout-column\"><div class=\"fusion-image-element \" style=\"--awb-aspect-ratio: 100 \/ 112;--awb-caption-title-font-family:var(--h2_typography-font-family);--awb-caption-title-font-weight:var(--h2_typography-font-weight);--awb-caption-title-font-style:var(--h2_typography-font-style);--awb-caption-title-size:var(--h2_typography-font-size);--awb-caption-title-transform:var(--h2_typography-text-transform);--awb-caption-title-line-height:var(--h2_typography-line-height);--awb-caption-title-letter-spacing:var(--h2_typography-letter-spacing);\"><span class=\" fusion-imageframe imageframe-none imageframe-9 hover-type-none has-aspect-ratio\" style=\"border-radius:12px;\"><img decoding=\"async\" width=\"630\" height=\"667\" alt=\"Agenda de fires i festes per a gaudir.\" title=\"112047_cat_ESCALA_INF_630_667\" src=\"https:\/\/festesdecatalunya.com\/wp-content\/uploads\/2023\/10\/112047_cat_ESCALA_INF_630_667.png\" data-orig-src=\"https:\/\/festesdecatalunya.com\/wp-content\/uploads\/2023\/10\/112047_cat_ESCALA_INF_630_667.png\" class=\"lazyload img-responsive wp-image-9100 img-with-aspect-ratio\" data-parent-fit=\"cover\" data-parent-container=\".fusion-image-element\" srcset=\"data:image\/svg+xml,%3Csvg%20xmlns%3D%27http%3A%2F%2Fwww.w3.org%2F2000%2Fsvg%27%20width%3D%27630%27%20height%3D%27667%27%20viewBox%3D%270%200%20630%20667%27%3E%3Crect%20width%3D%27630%27%20height%3D%27667%27%20fill-opacity%3D%220%22%2F%3E%3C%2Fsvg%3E\" data-srcset=\"https:\/\/festesdecatalunya.com\/wp-content\/uploads\/2023\/10\/112047_cat_ESCALA_INF_630_667-200x212.png 200w, https:\/\/festesdecatalunya.com\/wp-content\/uploads\/2023\/10\/112047_cat_ESCALA_INF_630_667-400x423.png 400w, https:\/\/festesdecatalunya.com\/wp-content\/uploads\/2023\/10\/112047_cat_ESCALA_INF_630_667-600x635.png 600w, https:\/\/festesdecatalunya.com\/wp-content\/uploads\/2023\/10\/112047_cat_ESCALA_INF_630_667.png 630w\" data-sizes=\"auto\" data-orig-sizes=\"(max-width: 640px) 100vw, 630px\" \/><\/span><\/div><div class=\"fusion-builder-row fusion-builder-row-inner fusion-row fusion-flex-align-items-flex-start fusion-flex-content-wrap\" style=\"width:101% !important;max-width:101% !important;margin-left: calc(-1% \/ 2 );margin-right: calc(-1% \/ 2 );\"><div class=\"fusion-layout-column fusion_builder_column_inner fusion-builder-nested-column-2 fusion_builder_column_inner_1_1 1_1 fusion-flex-column\" style=\"--awb-padding-top:12px;--awb-padding-right:12px;--awb-padding-bottom:6px;--awb-padding-left:12px;--awb-bg-size:cover;--awb-width-large:100%;--awb-margin-top-large:0px;--awb-spacing-right-large:0.495%;--awb-margin-bottom-large:0px;--awb-spacing-left-large:0.495%;--awb-width-medium:100%;--awb-order-medium:0;--awb-spacing-right-medium:0.495%;--awb-spacing-left-medium:0.495%;--awb-width-small:100%;--awb-order-small:0;--awb-spacing-right-small:0.495%;--awb-spacing-left-small:0.495%;\"><div class=\"fusion-column-wrapper fusion-column-has-shadow fusion-flex-justify-content-flex-start fusion-content-layout-column\"><div class=\"fusion-meta-tb fusion-meta-tb-3 floated\" style=\"--awb-height:36px;--awb-alignment-medium:flex-start;--awb-alignment-small:flex-start;\"><\/div><div class=\"fusion-title title fusion-title-3 fusion-sep-none fusion-title-text fusion-title-size-two\" style=\"--awb-margin-top:4px;--awb-margin-bottom:24px;--awb-margin-top-small:4px;--awb-margin-bottom-small:16px;--awb-font-size:19px;\"><h2 class=\"fusion-title-heading title-heading-left fusion-responsive-typography-calculated\" style=\"font-family:var(--awb-custom_typography_4-font-family);font-weight:var(--awb-custom_typography_4-font-weight);font-style:var(--awb-custom_typography_4-font-style);margin:0;font-size:1em;letter-spacing:var(--awb-typography5-letter-spacing);text-transform:var(--awb-typography5-text-transform);--fontSize:19;line-height:1.2;\">L&#8217;estiu \u00e9s viu a Bescan\u00f3<\/h2><\/div><\/div><\/div><\/div><div class=\"fusion-text fusion-text-3\" style=\"--awb-font-size:15px;--awb-text-transform:uppercase;--awb-text-color:var(--awb-color8);--awb-margin-right:2%;--awb-margin-left:2%;--awb-text-font-family:&quot;Raleway&quot;;--awb-text-font-style:normal;--awb-text-font-weight:800;\"><p>octubre 16, 2023<\/p>\n<\/div><\/div><\/li>\n<li class=\"fusion-layout-column fusion_builder_column fusion-builder-column-6 fusion-flex-column fusion-column-inner-bg-wrapper post-card fusion-grid-column fusion-post-cards-grid-column\" style=\"--awb-overflow:hidden;--awb-inner-bg-color:var(--awb-color1);--awb-inner-bg-color-hover:var(--awb-color1);--awb-inner-bg-size:cover;--awb-box-shadow:0px 1px 2px hsla(var(--awb-color8-h),var(--awb-color8-s),var(--awb-color8-l),calc(var(--awb-color8-a) - 82%));;--awb-border-radius:12px 12px 12px 12px;--awb-inner-bg-border-radius:12px 12px 12px 12px;--awb-inner-bg-overflow:hidden;\"><span class=\"fusion-column-inner-bg hover-type-none\"><a class=\"fusion-column-anchor\" href=\"https:\/\/festesdecatalunya.com\/es\/exposicio-qui-mira-qui-de-julliette-murphy-a-macanet-de-cabrenys\/\"><span class=\"fusion-column-inner-bg-image\"><\/span><\/a><\/span><div class=\"fusion-column-wrapper fusion-column-has-shadow fusion-flex-justify-content-flex-start fusion-content-layout-column\"><div class=\"fusion-image-element \" style=\"--awb-aspect-ratio: 100 \/ 112;--awb-caption-title-font-family:var(--h2_typography-font-family);--awb-caption-title-font-weight:var(--h2_typography-font-weight);--awb-caption-title-font-style:var(--h2_typography-font-style);--awb-caption-title-size:var(--h2_typography-font-size);--awb-caption-title-transform:var(--h2_typography-text-transform);--awb-caption-title-line-height:var(--h2_typography-line-height);--awb-caption-title-letter-spacing:var(--h2_typography-letter-spacing);\"><span class=\" fusion-imageframe imageframe-none imageframe-10 hover-type-none has-aspect-ratio\" style=\"border-radius:12px;\"><img decoding=\"async\" width=\"630\" height=\"892\" alt=\"Cultura en viu a Catalunya.\" title=\"111987_cat_ESCALA_INF_630_892\" src=\"https:\/\/festesdecatalunya.com\/wp-content\/uploads\/2023\/10\/111987_cat_ESCALA_INF_630_892.png\" data-orig-src=\"https:\/\/festesdecatalunya.com\/wp-content\/uploads\/2023\/10\/111987_cat_ESCALA_INF_630_892.png\" class=\"lazyload img-responsive wp-image-9104 img-with-aspect-ratio\" data-parent-fit=\"cover\" data-parent-container=\".fusion-image-element\" srcset=\"data:image\/svg+xml,%3Csvg%20xmlns%3D%27http%3A%2F%2Fwww.w3.org%2F2000%2Fsvg%27%20width%3D%27630%27%20height%3D%27892%27%20viewBox%3D%270%200%20630%20892%27%3E%3Crect%20width%3D%27630%27%20height%3D%27892%27%20fill-opacity%3D%220%22%2F%3E%3C%2Fsvg%3E\" data-srcset=\"https:\/\/festesdecatalunya.com\/wp-content\/uploads\/2023\/10\/111987_cat_ESCALA_INF_630_892-200x283.png 200w, https:\/\/festesdecatalunya.com\/wp-content\/uploads\/2023\/10\/111987_cat_ESCALA_INF_630_892-400x566.png 400w, https:\/\/festesdecatalunya.com\/wp-content\/uploads\/2023\/10\/111987_cat_ESCALA_INF_630_892-600x850.png 600w, https:\/\/festesdecatalunya.com\/wp-content\/uploads\/2023\/10\/111987_cat_ESCALA_INF_630_892.png 630w\" data-sizes=\"auto\" data-orig-sizes=\"(max-width: 640px) 100vw, 630px\" \/><\/span><\/div><div class=\"fusion-builder-row fusion-builder-row-inner fusion-row fusion-flex-align-items-flex-start fusion-flex-content-wrap\" style=\"width:101% !important;max-width:101% !important;margin-left: calc(-1% \/ 2 );margin-right: calc(-1% \/ 2 );\"><div class=\"fusion-layout-column fusion_builder_column_inner fusion-builder-nested-column-3 fusion_builder_column_inner_1_1 1_1 fusion-flex-column\" style=\"--awb-padding-top:12px;--awb-padding-right:12px;--awb-padding-bottom:6px;--awb-padding-left:12px;--awb-bg-size:cover;--awb-width-large:100%;--awb-margin-top-large:0px;--awb-spacing-right-large:0.495%;--awb-margin-bottom-large:0px;--awb-spacing-left-large:0.495%;--awb-width-medium:100%;--awb-order-medium:0;--awb-spacing-right-medium:0.495%;--awb-spacing-left-medium:0.495%;--awb-width-small:100%;--awb-order-small:0;--awb-spacing-right-small:0.495%;--awb-spacing-left-small:0.495%;\"><div class=\"fusion-column-wrapper fusion-column-has-shadow fusion-flex-justify-content-flex-start fusion-content-layout-column\"><div class=\"fusion-meta-tb fusion-meta-tb-4 floated\" style=\"--awb-height:36px;--awb-alignment-medium:flex-start;--awb-alignment-small:flex-start;\"><\/div><div class=\"fusion-title title fusion-title-4 fusion-sep-none fusion-title-text fusion-title-size-two\" style=\"--awb-margin-top:4px;--awb-margin-bottom:24px;--awb-margin-top-small:4px;--awb-margin-bottom-small:16px;--awb-font-size:19px;\"><h2 class=\"fusion-title-heading title-heading-left fusion-responsive-typography-calculated\" style=\"font-family:var(--awb-custom_typography_4-font-family);font-weight:var(--awb-custom_typography_4-font-weight);font-style:var(--awb-custom_typography_4-font-style);margin:0;font-size:1em;letter-spacing:var(--awb-typography5-letter-spacing);text-transform:var(--awb-typography5-text-transform);--fontSize:19;line-height:1.2;\">Exposici\u00f3n Qui mira qui de Julliette Murphy a Ma\u00e7anet de Cabrenys<\/h2><\/div><\/div><\/div><\/div><div class=\"fusion-text fusion-text-4\" style=\"--awb-font-size:15px;--awb-text-transform:uppercase;--awb-text-color:var(--awb-color8);--awb-margin-right:2%;--awb-margin-left:2%;--awb-text-font-family:&quot;Raleway&quot;;--awb-text-font-style:normal;--awb-text-font-weight:800;\"><p>octubre 16, 2023<\/p>\n<\/div><\/div><\/li>\n<li class=\"fusion-layout-column fusion_builder_column fusion-builder-column-7 fusion-flex-column fusion-column-inner-bg-wrapper post-card fusion-grid-column fusion-post-cards-grid-column\" style=\"--awb-overflow:hidden;--awb-inner-bg-color:var(--awb-color1);--awb-inner-bg-color-hover:var(--awb-color1);--awb-inner-bg-size:cover;--awb-box-shadow:0px 1px 2px hsla(var(--awb-color8-h),var(--awb-color8-s),var(--awb-color8-l),calc(var(--awb-color8-a) - 82%));;--awb-border-radius:12px 12px 12px 12px;--awb-inner-bg-border-radius:12px 12px 12px 12px;--awb-inner-bg-overflow:hidden;\"><span class=\"fusion-column-inner-bg hover-type-none\"><a class=\"fusion-column-anchor\" href=\"https:\/\/festesdecatalunya.com\/es\/alquiler-de-embarcaciones-la-llosa-del-cavall-esportec\/\"><span class=\"fusion-column-inner-bg-image\"><\/span><\/a><\/span><div class=\"fusion-column-wrapper fusion-column-has-shadow fusion-flex-justify-content-flex-start fusion-content-layout-column\"><div class=\"fusion-image-element \" style=\"--awb-aspect-ratio: 100 \/ 112;--awb-caption-title-font-family:var(--h2_typography-font-family);--awb-caption-title-font-weight:var(--h2_typography-font-weight);--awb-caption-title-font-style:var(--h2_typography-font-style);--awb-caption-title-size:var(--h2_typography-font-size);--awb-caption-title-transform:var(--h2_typography-text-transform);--awb-caption-title-line-height:var(--h2_typography-line-height);--awb-caption-title-letter-spacing:var(--h2_typography-letter-spacing);\"><span class=\" fusion-imageframe imageframe-none imageframe-11 hover-type-none has-aspect-ratio\" style=\"border-radius:12px;\"><img decoding=\"async\" width=\"280\" height=\"280\" title=\"112124_cat_ESCALA_INF_280_280\" src=\"https:\/\/festesdecatalunya.com\/wp-content\/uploads\/2023\/10\/112124_cat_ESCALA_INF_280_280.png\" data-orig-src=\"https:\/\/festesdecatalunya.com\/wp-content\/uploads\/2023\/10\/112124_cat_ESCALA_INF_280_280.png\" class=\"lazyload img-responsive wp-image-9105 img-with-aspect-ratio\" data-parent-fit=\"cover\" data-parent-container=\".fusion-image-element\" alt srcset=\"data:image\/svg+xml,%3Csvg%20xmlns%3D%27http%3A%2F%2Fwww.w3.org%2F2000%2Fsvg%27%20width%3D%27280%27%20height%3D%27280%27%20viewBox%3D%270%200%20280%20280%27%3E%3Crect%20width%3D%27280%27%20height%3D%27280%27%20fill-opacity%3D%220%22%2F%3E%3C%2Fsvg%3E\" data-srcset=\"https:\/\/festesdecatalunya.com\/wp-content\/uploads\/2023\/10\/112124_cat_ESCALA_INF_280_280-200x200.png 200w, https:\/\/festesdecatalunya.com\/wp-content\/uploads\/2023\/10\/112124_cat_ESCALA_INF_280_280.png 280w\" data-sizes=\"auto\" data-orig-sizes=\"(max-width: 640px) 100vw, 280px\" \/><\/span><\/div><div class=\"fusion-builder-row fusion-builder-row-inner fusion-row fusion-flex-align-items-flex-start fusion-flex-content-wrap\" style=\"width:101% !important;max-width:101% !important;margin-left: calc(-1% \/ 2 );margin-right: calc(-1% \/ 2 );\"><div class=\"fusion-layout-column fusion_builder_column_inner fusion-builder-nested-column-4 fusion_builder_column_inner_1_1 1_1 fusion-flex-column\" style=\"--awb-padding-top:12px;--awb-padding-right:12px;--awb-padding-bottom:6px;--awb-padding-left:12px;--awb-bg-size:cover;--awb-width-large:100%;--awb-margin-top-large:0px;--awb-spacing-right-large:0.495%;--awb-margin-bottom-large:0px;--awb-spacing-left-large:0.495%;--awb-width-medium:100%;--awb-order-medium:0;--awb-spacing-right-medium:0.495%;--awb-spacing-left-medium:0.495%;--awb-width-small:100%;--awb-order-small:0;--awb-spacing-right-small:0.495%;--awb-spacing-left-small:0.495%;\"><div class=\"fusion-column-wrapper fusion-column-has-shadow fusion-flex-justify-content-flex-start fusion-content-layout-column\"><div class=\"fusion-meta-tb fusion-meta-tb-5 floated\" style=\"--awb-height:36px;--awb-alignment-medium:flex-start;--awb-alignment-small:flex-start;\"><\/div><div class=\"fusion-title title fusion-title-5 fusion-sep-none fusion-title-text fusion-title-size-two\" style=\"--awb-margin-top:4px;--awb-margin-bottom:24px;--awb-margin-top-small:4px;--awb-margin-bottom-small:16px;--awb-font-size:19px;\"><h2 class=\"fusion-title-heading title-heading-left fusion-responsive-typography-calculated\" style=\"font-family:var(--awb-custom_typography_4-font-family);font-weight:var(--awb-custom_typography_4-font-weight);font-style:var(--awb-custom_typography_4-font-style);margin:0;font-size:1em;letter-spacing:var(--awb-typography5-letter-spacing);text-transform:var(--awb-typography5-text-transform);--fontSize:19;line-height:1.2;\">Alquiler de embarcaciones La Llosa del Cavall &#8211; Esportec<\/h2><\/div><\/div><\/div><\/div><div class=\"fusion-text fusion-text-5\" style=\"--awb-font-size:15px;--awb-text-transform:uppercase;--awb-text-color:var(--awb-color8);--awb-margin-right:2%;--awb-margin-left:2%;--awb-text-font-family:&quot;Raleway&quot;;--awb-text-font-style:normal;--awb-text-font-weight:800;\"><p>octubre 16, 2023<\/p>\n<\/div><\/div><\/li>\n<li class=\"fusion-layout-column fusion_builder_column fusion-builder-column-8 fusion-flex-column fusion-column-inner-bg-wrapper post-card fusion-grid-column fusion-post-cards-grid-column\" style=\"--awb-overflow:hidden;--awb-inner-bg-color:var(--awb-color1);--awb-inner-bg-color-hover:var(--awb-color1);--awb-inner-bg-size:cover;--awb-box-shadow:0px 1px 2px hsla(var(--awb-color8-h),var(--awb-color8-s),var(--awb-color8-l),calc(var(--awb-color8-a) - 82%));;--awb-border-radius:12px 12px 12px 12px;--awb-inner-bg-border-radius:12px 12px 12px 12px;--awb-inner-bg-overflow:hidden;\"><span class=\"fusion-column-inner-bg hover-type-none\"><a class=\"fusion-column-anchor\" href=\"https:\/\/festesdecatalunya.com\/es\/vive-el-verano-en-llinars-del-valles\/\"><span class=\"fusion-column-inner-bg-image\"><\/span><\/a><\/span><div class=\"fusion-column-wrapper fusion-column-has-shadow fusion-flex-justify-content-flex-start fusion-content-layout-column\"><div class=\"fusion-image-element \" style=\"--awb-aspect-ratio: 100 \/ 112;--awb-caption-title-font-family:var(--h2_typography-font-family);--awb-caption-title-font-weight:var(--h2_typography-font-weight);--awb-caption-title-font-style:var(--h2_typography-font-style);--awb-caption-title-size:var(--h2_typography-font-size);--awb-caption-title-transform:var(--h2_typography-text-transform);--awb-caption-title-line-height:var(--h2_typography-line-height);--awb-caption-title-letter-spacing:var(--h2_typography-letter-spacing);\"><span class=\" fusion-imageframe imageframe-none imageframe-12 hover-type-none has-aspect-ratio\" style=\"border-radius:12px;\"><img decoding=\"async\" width=\"630\" height=\"963\" title=\"112149_cat_ESCALA_INF_630_963\" src=\"https:\/\/festesdecatalunya.com\/wp-content\/uploads\/2023\/10\/112149_cat_ESCALA_INF_630_963.png\" data-orig-src=\"https:\/\/festesdecatalunya.com\/wp-content\/uploads\/2023\/10\/112149_cat_ESCALA_INF_630_963.png\" class=\"lazyload img-responsive wp-image-9110 img-with-aspect-ratio\" data-parent-fit=\"cover\" data-parent-container=\".fusion-image-element\" alt srcset=\"data:image\/svg+xml,%3Csvg%20xmlns%3D%27http%3A%2F%2Fwww.w3.org%2F2000%2Fsvg%27%20width%3D%27630%27%20height%3D%27963%27%20viewBox%3D%270%200%20630%20963%27%3E%3Crect%20width%3D%27630%27%20height%3D%27963%27%20fill-opacity%3D%220%22%2F%3E%3C%2Fsvg%3E\" data-srcset=\"https:\/\/festesdecatalunya.com\/wp-content\/uploads\/2023\/10\/112149_cat_ESCALA_INF_630_963-200x306.png 200w, https:\/\/festesdecatalunya.com\/wp-content\/uploads\/2023\/10\/112149_cat_ESCALA_INF_630_963-400x611.png 400w, https:\/\/festesdecatalunya.com\/wp-content\/uploads\/2023\/10\/112149_cat_ESCALA_INF_630_963-600x917.png 600w, https:\/\/festesdecatalunya.com\/wp-content\/uploads\/2023\/10\/112149_cat_ESCALA_INF_630_963.png 630w\" data-sizes=\"auto\" data-orig-sizes=\"(max-width: 640px) 100vw, 630px\" \/><\/span><\/div><div class=\"fusion-builder-row fusion-builder-row-inner fusion-row fusion-flex-align-items-flex-start fusion-flex-content-wrap\" style=\"width:101% !important;max-width:101% !important;margin-left: calc(-1% \/ 2 );margin-right: calc(-1% \/ 2 );\"><div class=\"fusion-layout-column fusion_builder_column_inner fusion-builder-nested-column-5 fusion_builder_column_inner_1_1 1_1 fusion-flex-column\" style=\"--awb-padding-top:12px;--awb-padding-right:12px;--awb-padding-bottom:6px;--awb-padding-left:12px;--awb-bg-size:cover;--awb-width-large:100%;--awb-margin-top-large:0px;--awb-spacing-right-large:0.495%;--awb-margin-bottom-large:0px;--awb-spacing-left-large:0.495%;--awb-width-medium:100%;--awb-order-medium:0;--awb-spacing-right-medium:0.495%;--awb-spacing-left-medium:0.495%;--awb-width-small:100%;--awb-order-small:0;--awb-spacing-right-small:0.495%;--awb-spacing-left-small:0.495%;\"><div class=\"fusion-column-wrapper fusion-column-has-shadow fusion-flex-justify-content-flex-start fusion-content-layout-column\"><div class=\"fusion-meta-tb fusion-meta-tb-6 floated\" style=\"--awb-height:36px;--awb-alignment-medium:flex-start;--awb-alignment-small:flex-start;\"><\/div><div class=\"fusion-title title fusion-title-6 fusion-sep-none fusion-title-text fusion-title-size-two\" style=\"--awb-margin-top:4px;--awb-margin-bottom:24px;--awb-margin-top-small:4px;--awb-margin-bottom-small:16px;--awb-font-size:19px;\"><h2 class=\"fusion-title-heading title-heading-left fusion-responsive-typography-calculated\" style=\"font-family:var(--awb-custom_typography_4-font-family);font-weight:var(--awb-custom_typography_4-font-weight);font-style:var(--awb-custom_typography_4-font-style);margin:0;font-size:1em;letter-spacing:var(--awb-typography5-letter-spacing);text-transform:var(--awb-typography5-text-transform);--fontSize:19;line-height:1.2;\">Vive el verano en Llinars del Vall\u00e8s<\/h2><\/div><\/div><\/div><\/div><div class=\"fusion-text fusion-text-6\" style=\"--awb-font-size:15px;--awb-text-transform:uppercase;--awb-text-color:var(--awb-color8);--awb-margin-right:2%;--awb-margin-left:2%;--awb-text-font-family:&quot;Raleway&quot;;--awb-text-font-style:normal;--awb-text-font-weight:800;\"><p>octubre 16, 2023<\/p>\n<\/div><\/div><\/li>\n<\/ul><div class=\"fusion-infinite-scroll-trigger\"><\/div><div class=\"pagination infinite-scroll clearfix\" style=\"display:none;\"><\/div><div class=\"fusion-clearfix\"><\/div><\/div><\/div><div class=\"nav fusion-mobile-tab-nav\"><ul class=\"nav-tabs nav-justified\" role=\"tablist\"><li role=\"presentation\"><a class=\"tab-link\" data-toggle=\"tab\" role=\"tab\" aria-controls=\"tab-c48986b04329b33d94e\" aria-selected=\"false\" tabindex=\"-1\" id=\"mobile-fusion-tab-feb\" href=\"#tab-c48986b04329b33d94e\"><h4 class=\"fusion-tab-heading\">Feb<\/h4><\/a><\/li><\/ul><\/div><div class=\"tab-pane fade fusion-clearfix\" role=\"tabpanel\" tabindex=\"0\" aria-labelledby=\"fusion-tab-feb\" id=\"tab-c48986b04329b33d94e\">\n<p>Your Content Goes Here<\/p>\n<\/div><div class=\"nav fusion-mobile-tab-nav\"><ul class=\"nav-tabs nav-justified\" role=\"tablist\"><li role=\"presentation\"><a class=\"tab-link\" data-toggle=\"tab\" role=\"tab\" aria-controls=\"tab-35caf3c98d2dd839e03\" aria-selected=\"false\" tabindex=\"-1\" id=\"mobile-fusion-tab-mar\" href=\"#tab-35caf3c98d2dd839e03\"><h4 class=\"fusion-tab-heading\">Mar<\/h4><\/a><\/li><\/ul><\/div><div class=\"tab-pane fade fusion-clearfix\" role=\"tabpanel\" tabindex=\"0\" aria-labelledby=\"fusion-tab-mar\" id=\"tab-35caf3c98d2dd839e03\">\n<p>Your Content Goes Here<\/p>\n<\/div><div class=\"nav fusion-mobile-tab-nav\"><ul class=\"nav-tabs nav-justified\" role=\"tablist\"><li role=\"presentation\"><a class=\"tab-link\" data-toggle=\"tab\" role=\"tab\" aria-controls=\"tab-29317d034b0215905f9\" aria-selected=\"false\" tabindex=\"-1\" id=\"mobile-fusion-tab-abr\" href=\"#tab-29317d034b0215905f9\"><h4 class=\"fusion-tab-heading\">Abr<\/h4><\/a><\/li><\/ul><\/div><div class=\"tab-pane fade fusion-clearfix\" role=\"tabpanel\" tabindex=\"0\" aria-labelledby=\"fusion-tab-abr\" id=\"tab-29317d034b0215905f9\">\n<p>Your Content Goes Here<\/p>\n<\/div><div class=\"nav fusion-mobile-tab-nav\"><ul class=\"nav-tabs nav-justified\" role=\"tablist\"><li role=\"presentation\"><a class=\"tab-link\" data-toggle=\"tab\" role=\"tab\" aria-controls=\"tab-bc24664962d58bf372e\" aria-selected=\"false\" tabindex=\"-1\" id=\"mobile-fusion-tab-may\" href=\"#tab-bc24664962d58bf372e\"><h4 class=\"fusion-tab-heading\">May<\/h4><\/a><\/li><\/ul><\/div><div class=\"tab-pane fade fusion-clearfix\" role=\"tabpanel\" tabindex=\"0\" aria-labelledby=\"fusion-tab-may\" id=\"tab-bc24664962d58bf372e\">\n<p>Your Content Goes Here<\/p>\n<\/div><div class=\"nav fusion-mobile-tab-nav\"><ul class=\"nav-tabs nav-justified\" role=\"tablist\"><li role=\"presentation\"><a class=\"tab-link\" data-toggle=\"tab\" role=\"tab\" aria-controls=\"tab-43e003c71bef1035576\" aria-selected=\"false\" tabindex=\"-1\" id=\"mobile-fusion-tab-jun\" href=\"#tab-43e003c71bef1035576\"><h4 class=\"fusion-tab-heading\">Jun<\/h4><\/a><\/li><\/ul><\/div><div class=\"tab-pane fade fusion-clearfix\" role=\"tabpanel\" tabindex=\"0\" aria-labelledby=\"fusion-tab-jun\" id=\"tab-43e003c71bef1035576\">\n<p>Your Content Goes Here<\/p>\n<\/div><div class=\"nav fusion-mobile-tab-nav\"><ul class=\"nav-tabs nav-justified\" role=\"tablist\"><li role=\"presentation\"><a class=\"tab-link\" data-toggle=\"tab\" role=\"tab\" aria-controls=\"tab-24dc8103c3627ac2d37\" aria-selected=\"false\" tabindex=\"-1\" id=\"mobile-fusion-tab-jul\" href=\"#tab-24dc8103c3627ac2d37\"><h4 class=\"fusion-tab-heading\">Jul<\/h4><\/a><\/li><\/ul><\/div><div class=\"tab-pane fade fusion-clearfix\" role=\"tabpanel\" tabindex=\"0\" aria-labelledby=\"fusion-tab-jul\" id=\"tab-24dc8103c3627ac2d37\">\n<p>Your Content Goes Here<\/p>\n<\/div><div class=\"nav fusion-mobile-tab-nav\"><ul class=\"nav-tabs nav-justified\" role=\"tablist\"><li role=\"presentation\"><a class=\"tab-link\" data-toggle=\"tab\" role=\"tab\" aria-controls=\"tab-8997ea68130f5e9d567\" aria-selected=\"false\" tabindex=\"-1\" id=\"mobile-fusion-tab-ago\" href=\"#tab-8997ea68130f5e9d567\"><h4 class=\"fusion-tab-heading\">Ago<\/h4><\/a><\/li><\/ul><\/div><div class=\"tab-pane fade fusion-clearfix\" role=\"tabpanel\" tabindex=\"0\" aria-labelledby=\"fusion-tab-ago\" id=\"tab-8997ea68130f5e9d567\">\n<p>Your Content Goes Here<\/p>\n<\/div><div class=\"nav fusion-mobile-tab-nav\"><ul class=\"nav-tabs nav-justified\" role=\"tablist\"><li role=\"presentation\"><a class=\"tab-link\" data-toggle=\"tab\" role=\"tab\" aria-controls=\"tab-e97c04dc7387b659773\" aria-selected=\"false\" tabindex=\"-1\" id=\"mobile-fusion-tab-sep\" href=\"#tab-e97c04dc7387b659773\"><h4 class=\"fusion-tab-heading\">Sep<\/h4><\/a><\/li><\/ul><\/div><div class=\"tab-pane fade fusion-clearfix\" role=\"tabpanel\" tabindex=\"0\" aria-labelledby=\"fusion-tab-sep\" id=\"tab-e97c04dc7387b659773\">\n<p>Your Content Goes Here<\/p>\n<\/div><div class=\"nav fusion-mobile-tab-nav\"><ul class=\"nav-tabs nav-justified\" role=\"tablist\"><li role=\"presentation\"><a class=\"tab-link\" data-toggle=\"tab\" role=\"tab\" aria-controls=\"tab-0978b0fc381679e2641\" aria-selected=\"false\" tabindex=\"-1\" id=\"mobile-fusion-tab-oct\" href=\"#tab-0978b0fc381679e2641\"><h4 class=\"fusion-tab-heading\">Oct<\/h4><\/a><\/li><\/ul><\/div><div class=\"tab-pane fade fusion-clearfix\" role=\"tabpanel\" tabindex=\"0\" aria-labelledby=\"fusion-tab-oct\" id=\"tab-0978b0fc381679e2641\">\n<p>Your Content Goes Here<\/p>\n<\/div><div class=\"nav fusion-mobile-tab-nav\"><ul class=\"nav-tabs nav-justified\" role=\"tablist\"><li role=\"presentation\"><a class=\"tab-link\" data-toggle=\"tab\" role=\"tab\" aria-controls=\"tab-91c0d7e6f42f5cb489e\" aria-selected=\"false\" tabindex=\"-1\" id=\"mobile-fusion-tab-nov\" href=\"#tab-91c0d7e6f42f5cb489e\"><h4 class=\"fusion-tab-heading\">Nov<\/h4><\/a><\/li><\/ul><\/div><div class=\"tab-pane fade fusion-clearfix\" role=\"tabpanel\" tabindex=\"0\" aria-labelledby=\"fusion-tab-nov\" id=\"tab-91c0d7e6f42f5cb489e\">\n<p>Your Content Goes Here<\/p>\n<\/div><div class=\"nav fusion-mobile-tab-nav\"><ul class=\"nav-tabs nav-justified\" role=\"tablist\"><li role=\"presentation\"><a class=\"tab-link\" data-toggle=\"tab\" role=\"tab\" aria-controls=\"tab-1808ca40a069c51b48c\" aria-selected=\"false\" tabindex=\"-1\" id=\"mobile-fusion-tab-dic\" href=\"#tab-1808ca40a069c51b48c\"><h4 class=\"fusion-tab-heading\">Dic<\/h4><\/a><\/li><\/ul><\/div><div class=\"tab-pane fade fusion-clearfix\" role=\"tabpanel\" tabindex=\"0\" aria-labelledby=\"fusion-tab-dic\" id=\"tab-1808ca40a069c51b48c\">\n<p>Your Content Goes Here<\/p>\n<\/div><\/div><\/div><div class=\"fusion-text fusion-text-7\"><p data-start=\"226\" data-end=\"713\">Catalu\u00f1a es tierra de tradiciones, cultura y celebraciones que llenan el calendario a lo largo de todo el a\u00f1o. De norte a sur, y del Pirineo hasta la costa, cada pueblo y ciudad conserva con orgullo sus fiestas populares y ferias locales, convirti\u00e9ndose en puntos de encuentro para vecinos y visitantes. la artesan\u00eda y la innovaci\u00f3n.<\/p>\n<p data-start=\"715\" data-end=\"1124\">En esta secci\u00f3n encontrar\u00e1s una recopilaci\u00f3n actualizada de las principales ferias y fiestas de Catalu\u00f1a: desde las m\u00e1s arraigadas y conocidas, como la Patum de Berga, la Fiesta Mayor de Gracia o la Feria de San Jos\u00e9 en Mollerussa, hasta eventos m\u00e1s peque\u00f1os pero igualmente especiales. La agenda incluye fiestas mayores, encuentros tem\u00e1ticos, mercados medievales, festivales culturales, celebraciones gastron\u00f3micas y mucho m\u00e1s.<\/p>\n<p data-start=\"1126\" data-end=\"1426\"><strong data-start=\"1126\" data-end=\"1170\">\u00bfQu\u00e9 Ferias y Fiestas hay en Catalu\u00f1a?<\/strong> A trav\u00e9s de nuestro portal puedes consultar f\u00e1cilmente los eventos por fecha, comarca o tipo de actividad. Tanto si buscas planes en familia como experiencias \u00fanicas para vivir con amigos o en pareja, aqu\u00ed encontrar\u00e1s propuestas para todos los gustos y edades.<\/p>\n<p data-start=\"1428\" data-end=\"1658\">\u00bfQuieres saber <strong data-start=\"1439\" data-end=\"1482\">qu\u00e9 Ferias y Fiestas hay en Catalu\u00f1a<\/strong> este fin de semana? \u00a1No te pierdas ninguna celebraci\u00f3n! Explora, planifica y vive intensamente cada rinc\u00f3n del territorio a trav\u00e9s de una agenda de ferias y fiestas que respira cultura, emoci\u00f3n e identidad.<\/p>\n<\/div><\/div><\/div><\/div><\/div><\/p>\n","protected":false},"excerpt":{"rendered":"","protected":false},"author":1,"featured_media":9068,"parent":0,"menu_order":0,"comment_status":"closed","ping_status":"closed","template":"100-width.php","meta":{"_acf_changed":false,"footnotes":""},"class_list":["post-9123","page","type-page","status-publish","has-post-thumbnail","hentry"],"acf":[],"yoast_head":"<!-- This site is optimized with the Yoast SEO plugin v25.3 - https:\/\/yoast.com\/wordpress\/plugins\/seo\/ -->\n<title>Agenda de ferias y fiestas - Festa Catalunya<\/title>\n<meta name=\"description\" content=\"En nuestra agenda de ferias y fiestas encontrar\u00e1s una recopilaci\u00f3n actualizada de los principales eventos y celebraciones de Catalu\u00f1a.\" \/>\n<meta name=\"robots\" content=\"noindex, follow, max-snippet:-1, max-image-preview:large, max-video-preview:-1\" \/>\n<meta property=\"og:locale\" content=\"es_ES\" \/>\n<meta property=\"og:type\" content=\"article\" \/>\n<meta property=\"og:title\" content=\"Agenda de ferias y fiestas - Festa Catalunya\" \/>\n<meta property=\"og:description\" content=\"En nuestra agenda de ferias y fiestas encontrar\u00e1s una recopilaci\u00f3n actualizada de los principales eventos y celebraciones de Catalu\u00f1a.\" \/>\n<meta property=\"og:url\" content=\"https:\/\/festesdecatalunya.com\/es\/que-ferias-y-fiestas-hay-en-cataluna\/\" \/>\n<meta property=\"og:site_name\" content=\"Festa Catalunya\" \/>\n<meta property=\"article:modified_time\" content=\"2025-06-19T06:33:48+00:00\" \/>\n<meta property=\"og:image\" content=\"https:\/\/festesdecatalunya.com\/wp-content\/uploads\/2025\/06\/quines-fires-i-festes-hi-han-a-catalunya-1024x684.png\" \/>\n\t<meta property=\"og:image:width\" content=\"1024\" \/>\n\t<meta property=\"og:image:height\" content=\"684\" \/>\n\t<meta property=\"og:image:type\" content=\"image\/png\" \/>\n<meta name=\"twitter:card\" content=\"summary_large_image\" \/>\n<meta name=\"twitter:label1\" content=\"Tiempo de lectura\" \/>\n\t<meta name=\"twitter:data1\" content=\"5 minutos\" \/>\n<script type=\"application\/ld+json\" class=\"yoast-schema-graph\">{\"@context\":\"https:\/\/schema.org\",\"@graph\":[{\"@type\":\"WebPage\",\"@id\":\"https:\/\/festesdecatalunya.com\/es\/que-ferias-y-fiestas-hay-en-cataluna\/\",\"url\":\"https:\/\/festesdecatalunya.com\/es\/que-ferias-y-fiestas-hay-en-cataluna\/\",\"name\":\"Agenda de ferias y fiestas - Festa Catalunya\",\"isPartOf\":{\"@id\":\"https:\/\/festesdecatalunya.com\/#website\"},\"primaryImageOfPage\":{\"@id\":\"https:\/\/festesdecatalunya.com\/es\/que-ferias-y-fiestas-hay-en-cataluna\/#primaryimage\"},\"image\":{\"@id\":\"https:\/\/festesdecatalunya.com\/es\/que-ferias-y-fiestas-hay-en-cataluna\/#primaryimage\"},\"thumbnailUrl\":\"https:\/\/festesdecatalunya.com\/wp-content\/uploads\/2025\/06\/quines-fires-i-festes-hi-han-a-catalunya.png\",\"datePublished\":\"2025-06-05T07:04:34+00:00\",\"dateModified\":\"2025-06-19T06:33:48+00:00\",\"description\":\"En nuestra agenda de ferias y fiestas encontrar\u00e1s una recopilaci\u00f3n actualizada de los principales eventos y celebraciones de Catalu\u00f1a.\",\"breadcrumb\":{\"@id\":\"https:\/\/festesdecatalunya.com\/es\/que-ferias-y-fiestas-hay-en-cataluna\/#breadcrumb\"},\"inLanguage\":\"es\",\"potentialAction\":[{\"@type\":\"ReadAction\",\"target\":[\"https:\/\/festesdecatalunya.com\/es\/que-ferias-y-fiestas-hay-en-cataluna\/\"]}]},{\"@type\":\"ImageObject\",\"inLanguage\":\"es\",\"@id\":\"https:\/\/festesdecatalunya.com\/es\/que-ferias-y-fiestas-hay-en-cataluna\/#primaryimage\",\"url\":\"https:\/\/festesdecatalunya.com\/wp-content\/uploads\/2025\/06\/quines-fires-i-festes-hi-han-a-catalunya.png\",\"contentUrl\":\"https:\/\/festesdecatalunya.com\/wp-content\/uploads\/2025\/06\/quines-fires-i-festes-hi-han-a-catalunya.png\",\"width\":1920,\"height\":1282},{\"@type\":\"BreadcrumbList\",\"@id\":\"https:\/\/festesdecatalunya.com\/es\/que-ferias-y-fiestas-hay-en-cataluna\/#breadcrumb\",\"itemListElement\":[{\"@type\":\"ListItem\",\"position\":1,\"name\":\"Inici\",\"item\":\"https:\/\/festesdecatalunya.com\/es\/\"},{\"@type\":\"ListItem\",\"position\":2,\"name\":\"\u00bfQu\u00e9 Ferias y Fiestas hay en Catalu\u00f1a?\"}]},{\"@type\":\"WebSite\",\"@id\":\"https:\/\/festesdecatalunya.com\/#website\",\"url\":\"https:\/\/festesdecatalunya.com\/\",\"name\":\"Festa Catalunya\",\"description\":\"Fires, Festes Turisme i Agenda a Catalunya\",\"potentialAction\":[{\"@type\":\"SearchAction\",\"target\":{\"@type\":\"EntryPoint\",\"urlTemplate\":\"https:\/\/festesdecatalunya.com\/?s={search_term_string}\"},\"query-input\":{\"@type\":\"PropertyValueSpecification\",\"valueRequired\":true,\"valueName\":\"search_term_string\"}}],\"inLanguage\":\"es\"}]}<\/script>\n<!-- \/ Yoast SEO plugin. -->","yoast_head_json":{"title":"Agenda de ferias y fiestas - Festa Catalunya","description":"En nuestra agenda de ferias y fiestas encontrar\u00e1s una recopilaci\u00f3n actualizada de los principales eventos y celebraciones de Catalu\u00f1a.","robots":{"index":"noindex","follow":"follow","max-snippet":"max-snippet:-1","max-image-preview":"max-image-preview:large","max-video-preview":"max-video-preview:-1"},"og_locale":"es_ES","og_type":"article","og_title":"Agenda de ferias y fiestas - Festa Catalunya","og_description":"En nuestra agenda de ferias y fiestas encontrar\u00e1s una recopilaci\u00f3n actualizada de los principales eventos y celebraciones de Catalu\u00f1a.","og_url":"https:\/\/festesdecatalunya.com\/es\/que-ferias-y-fiestas-hay-en-cataluna\/","og_site_name":"Festa Catalunya","article_modified_time":"2025-06-19T06:33:48+00:00","og_image":[{"width":1024,"height":684,"url":"https:\/\/festesdecatalunya.com\/wp-content\/uploads\/2025\/06\/quines-fires-i-festes-hi-han-a-catalunya-1024x684.png","type":"image\/png"}],"twitter_card":"summary_large_image","twitter_misc":{"Tiempo de lectura":"5 minutos"},"schema":{"@context":"https:\/\/schema.org","@graph":[{"@type":"WebPage","@id":"https:\/\/festesdecatalunya.com\/es\/que-ferias-y-fiestas-hay-en-cataluna\/","url":"https:\/\/festesdecatalunya.com\/es\/que-ferias-y-fiestas-hay-en-cataluna\/","name":"Agenda de ferias y fiestas - Festa Catalunya","isPartOf":{"@id":"https:\/\/festesdecatalunya.com\/#website"},"primaryImageOfPage":{"@id":"https:\/\/festesdecatalunya.com\/es\/que-ferias-y-fiestas-hay-en-cataluna\/#primaryimage"},"image":{"@id":"https:\/\/festesdecatalunya.com\/es\/que-ferias-y-fiestas-hay-en-cataluna\/#primaryimage"},"thumbnailUrl":"https:\/\/festesdecatalunya.com\/wp-content\/uploads\/2025\/06\/quines-fires-i-festes-hi-han-a-catalunya.png","datePublished":"2025-06-05T07:04:34+00:00","dateModified":"2025-06-19T06:33:48+00:00","description":"En nuestra agenda de ferias y fiestas encontrar\u00e1s una recopilaci\u00f3n actualizada de los principales eventos y celebraciones de Catalu\u00f1a.","breadcrumb":{"@id":"https:\/\/festesdecatalunya.com\/es\/que-ferias-y-fiestas-hay-en-cataluna\/#breadcrumb"},"inLanguage":"es","potentialAction":[{"@type":"ReadAction","target":["https:\/\/festesdecatalunya.com\/es\/que-ferias-y-fiestas-hay-en-cataluna\/"]}]},{"@type":"ImageObject","inLanguage":"es","@id":"https:\/\/festesdecatalunya.com\/es\/que-ferias-y-fiestas-hay-en-cataluna\/#primaryimage","url":"https:\/\/festesdecatalunya.com\/wp-content\/uploads\/2025\/06\/quines-fires-i-festes-hi-han-a-catalunya.png","contentUrl":"https:\/\/festesdecatalunya.com\/wp-content\/uploads\/2025\/06\/quines-fires-i-festes-hi-han-a-catalunya.png","width":1920,"height":1282},{"@type":"BreadcrumbList","@id":"https:\/\/festesdecatalunya.com\/es\/que-ferias-y-fiestas-hay-en-cataluna\/#breadcrumb","itemListElement":[{"@type":"ListItem","position":1,"name":"Inici","item":"https:\/\/festesdecatalunya.com\/es\/"},{"@type":"ListItem","position":2,"name":"\u00bfQu\u00e9 Ferias y Fiestas hay en Catalu\u00f1a?"}]},{"@type":"WebSite","@id":"https:\/\/festesdecatalunya.com\/#website","url":"https:\/\/festesdecatalunya.com\/","name":"Festa Catalunya","description":"Fires, Festes Turisme i Agenda a Catalunya","potentialAction":[{"@type":"SearchAction","target":{"@type":"EntryPoint","urlTemplate":"https:\/\/festesdecatalunya.com\/?s={search_term_string}"},"query-input":{"@type":"PropertyValueSpecification","valueRequired":true,"valueName":"search_term_string"}}],"inLanguage":"es"}]}},"_links":{"self":[{"href":"https:\/\/festesdecatalunya.com\/es\/wp-json\/wp\/v2\/pages\/9123","targetHints":{"allow":["GET"]}}],"collection":[{"href":"https:\/\/festesdecatalunya.com\/es\/wp-json\/wp\/v2\/pages"}],"about":[{"href":"https:\/\/festesdecatalunya.com\/es\/wp-json\/wp\/v2\/types\/page"}],"author":[{"embeddable":true,"href":"https:\/\/festesdecatalunya.com\/es\/wp-json\/wp\/v2\/users\/1"}],"replies":[{"embeddable":true,"href":"https:\/\/festesdecatalunya.com\/es\/wp-json\/wp\/v2\/comments?post=9123"}],"version-history":[{"count":3,"href":"https:\/\/festesdecatalunya.com\/es\/wp-json\/wp\/v2\/pages\/9123\/revisions"}],"predecessor-version":[{"id":9174,"href":"https:\/\/festesdecatalunya.com\/es\/wp-json\/wp\/v2\/pages\/9123\/revisions\/9174"}],"wp:featuredmedia":[{"embeddable":true,"href":"https:\/\/festesdecatalunya.com\/es\/wp-json\/wp\/v2\/media\/9068"}],"wp:attachment":[{"href":"https:\/\/festesdecatalunya.com\/es\/wp-json\/wp\/v2\/media?parent=9123"}],"curies":[{"name":"wp","href":"https:\/\/api.w.org\/{rel}","templated":true}]}}